{"id":1025658,"date":"2023-04-16T10:50:37","date_gmt":"2023-04-16T10:50:37","guid":{"rendered":"https:\/\/themeter.it\/descubra\/"},"modified":"2025-01-20T08:19:04","modified_gmt":"2025-01-20T08:19:04","slug":"descubra","status":"publish","type":"page","link":"https:\/\/themeter.assistenzawponline.net\/es\/descubra\/","title":{"rendered":"Descubra"},"content":{"rendered":"<div class=\"wpb-content-wrapper\"><p>[vc_row padding_top_multiplier=&#8221;6x&#8221; padding_bottom_multiplier=&#8221;6x&#8221; rc_heading_color=&#8221;white&#8221; rc_link_color=&#8221;primary-1&#8243; rc_bg_type=&#8221;image&#8221; rc_bg_image=&#8221;1031154&#8243; rc_bg_pattern_overlay=&#8221;yes&#8221; rc_bg_color_overlay=&#8221;black&#8221; rc_bg_color=&#8221;#1e1f1c&#8221; rc_font_color=&#8221;#fafafa&#8221;][vc_column]<h1 class=\"grve-element grve-animated-text grve-animated-item grve-align-center grve-h2 grve-style-1\" data-style=\"style-1\" data-delay=\"0\" data-duration=\"normal\"><span class=\"grve-animated-entry\"><span class=\"grve-line\">Discover Our world<\/span><\/span><\/h1>[vc_column_text]<\/p>\n<p style=\"text-align: center;\">No se pierda las \u00faltimas noticias y actualizaciones sobre nuestros productos, innovaciones y mucho m\u00e1s.<\/p>\n<p>[\/vc_column_text][\/vc_column][\/vc_row][vc_row padding_top_multiplier=&#8221;2x&#8221; padding_bottom_multiplier=&#8221;4x&#8221; rc_heading_color=&#8221;white&#8221; rc_link_color=&#8221;primary-3&#8243; rc_link_hover_color=&#8221;primary-3&#8243; rc_bg_type=&#8221;color&#8221; rc_bg_color=&#8221;#1e1f1c&#8221; rc_font_color=&#8221;#fafafa&#8221; el_class=&#8221;max-width-newra&#8221;][vc_column rc_link_color=&#8221;primary-3&#8243; rc_link_hover_color=&#8221;primary-3&#8243;]<div data-display-style=\"pagination\" data-spinner=\"no\" data-columns-large-screen=\"1\" data-columns=\"1\" data-columns-tablet-landscape=\"1\" data-columns-tablet-portrait=\"1\" data-columns-mobile=\"1\" data-layout=\"fitRows\" data-animation=\"fade-in-up\" class=\"grve-element grve-blog grve-blog-small grve-isotope grve-with-gap\" id=\"el-blog-default-id\">\r\n\t<div class=\"grve-isotope-container\">\r\n\t\t<div class=\"grve-grid-sizer\"><\/div>\r\n\r\n\t<article class=\"post-1036659 post type-post status-publish format-standard has-post-thumbnail hentry category-editoria category-news grve-entry-item grve-blog-item\" itemscope itemType=\"http:\/\/schema.org\/BlogPosting\">\r\n\t\t<div class=\"grve-isotope-item-inner\">\r\n\t\t\t<div class=\"grve-post-item grve-small-style-2 grve-format-standard\">\n\t<div class=\"grve-post-item-inner\">\n\t\t\t\t\t<a class=\"grve-item-url\" href=\"https:\/\/themeter.assistenzawponline.net\/es\/si-parla-di-noi-the-meter-su-living\/\" rel=\"bookmark\"><span class=\"screen-reader-text\">Si parla di noi: The Meter su LIVING<\/span><\/a>\n\n\t\t\t\t\t<div class=\"grve-post-media\">\n\t\t\t\t<div class=\"grve-media-inner grve-radius-20 grve-shadow-large\">\n\t\t\t\t\t<div class=\"grve-background-wrapper\">\n\t\t\t\t\t\t<div class=\"grve-bg-image lazyload\"  data-bgset=\"https:\/\/themeter.assistenzawponline.net\/wp-content\/uploads\/Post_Articolo_Living_2-2.webp 1080w, https:\/\/themeter.assistenzawponline.net\/wp-content\/uploads\/Post_Articolo_Living_2-2-768x768.webp 768w, https:\/\/themeter.assistenzawponline.net\/wp-content\/uploads\/Post_Articolo_Living_2-2-560x560.webp 560w, https:\/\/themeter.assistenzawponline.net\/wp-content\/uploads\/Post_Articolo_Living_2-2-900x900.webp 900w, https:\/\/themeter.assistenzawponline.net\/wp-content\/uploads\/Post_Articolo_Living_2-2-300x300.webp 300w, https:\/\/themeter.assistenzawponline.net\/wp-content\/uploads\/Post_Articolo_Living_2-2-600x600.webp 600w, https:\/\/themeter.assistenzawponline.net\/wp-content\/uploads\/Post_Articolo_Living_2-2-100x100.webp 100w\" data-sizes=\"auto\"><\/div>\t\t\t\t\t<\/div>\n\t\t\t\t<\/div>\n\t\t\t<\/div>\n\t\t\n\t\t\t\t<div class=\"grve-post-date grve-h5 grve-heading-color\">\t\t\t<time datetime=\"2025-03-07T07:45:44+00:00\">\n\t\t\t\tmarzo 7, 2025\t\t\t<\/time>\n\t\t\t<\/div>\n\t\t\t\t<div class=\"grve-post-content\">\n\t\t\t<h3 class=\"grve-post-title grve-heading-color grve-h3\" itemprop=\"headline\"><span>Si parla di noi: The Meter su LIVING<\/span><\/h3>\t\t\t\t\t\t<p>Siamo lieti di annunciare che siamo protagonisti di un nuovo articolo pubblicato su LIVING, una delle riviste di riferimento nel settore dell\u2019architettura, del design e delle nuove tecnologie. LIVING e&hellip;<\/p>\t\t\t\t\t\t<div class=\"grve-post-category grve-small-text\"><a href=\"https:\/\/themeter.assistenzawponline.net\/category\/editoria\/\" rel=\"category tag\">Editoria<\/a> <a href=\"https:\/\/themeter.assistenzawponline.net\/category\/news\/\" rel=\"category tag\">news<\/a><\/div>\n\t\t\t\t\t<\/div>\n\t\t<a class=\"grve-read-more grve-link-text\" href=\"https:\/\/themeter.assistenzawponline.net\/es\/si-parla-di-noi-the-meter-su-living\/\"><span>Seguir leyendo<\/span>\t\t\t\t<svg width=\"40px\" height=\"16px\" viewBox=\"0 0 40 16\">\n\t\t\t\t\t<polygon class=\"grve-arrow-line\" points=\"0 7 38 7 38 9 0 9\"><\/polygon>\n\t\t\t\t\t<polygon class=\"grve-arrow-point\" points=\"31.3481912 0 40 8 31.3481912 16 30 14.5816219 37.1 8 30 1.41837809\"><\/polygon>\n\t\t\t\t<\/svg>\n\t\t\t<\/a>\t<\/div>\n\t\t\t<span class=\"grve-hidden\">\n\t\t\t<span class=\"grve-structured-data\" itemprop=\"image\" itemscope itemtype=\"http:\/\/schema.org\/ImageObject\">\n\t\t\t   <span itemprop='url' >https:\/\/themeter.assistenzawponline.net\/wp-content\/uploads\/Post_Articolo_Living_2-2.webp<\/span>\n\t\t\t   <span itemprop='height' >1080<\/span>\n\t\t\t   <span itemprop='width' >1080<\/span>\n\t\t\t<\/span>\n\t\t\t\t\t\t<span class=\"grve-structured-data\" itemprop=\"author\" itemscope itemtype=\"http:\/\/schema.org\/Person\">\n\t\t\t\t<span itemprop=\"name\">The Meter<\/span>\n\t\t\t<\/span>\n\t\t\t<span class=\"grve-structured-data\" itemprop=\"publisher\" itemscope itemtype=\"http:\/\/schema.org\/Organization\">\n\t\t\t\t<span itemprop='name'>The Meter<\/span>\n\t\t\t\t<span itemprop='logo' itemscope itemtype='http:\/\/schema.org\/ImageObject'>\n\t\t\t\t\t<span itemprop='url'>https:\/\/themeter.assistenzawponline.net\/wp-content\/uploads\/Post_Articolo_Living_2-2.webp<\/span>\n\t\t\t\t<\/span>\n\t\t\t<\/span>\n\t\t\t\t\t\t<time class=\"grve-structured-data\" itemprop=\"datePublished\" datetime=\"2025-03-07T07:45:44+00:00\">marzo 7, 2025<\/time>\n\t\t\t<time class=\"grve-structured-data\" itemprop=\"dateModified\"  datetime=\"2025-03-07T07:45:46+00:00\">marzo 7, 2025<\/time>\n\t\t\t<span class=\"grve-structured-data\" itemprop=\"mainEntityOfPage\" itemscope itemtype=\"http:\/\/schema.org\/WebPage\" itemid=\"https:\/\/themeter.assistenzawponline.net\/es\/si-parla-di-noi-the-meter-su-living\/\"><\/span>\n\t\t<\/span>\n\t<\/div>\n\t\t<\/div>\r\n\t<\/article>\r\n\t\r\n\t<article class=\"post-1036567 post type-post status-publish format-standard has-post-thumbnail hentry category-editoria category-news grve-entry-item grve-blog-item\" itemscope itemType=\"http:\/\/schema.org\/BlogPosting\">\r\n\t\t<div class=\"grve-isotope-item-inner\">\r\n\t\t\t<div class=\"grve-post-item grve-small-style-2 grve-format-standard\">\n\t<div class=\"grve-post-item-inner\">\n\t\t\t\t\t<a class=\"grve-item-url\" href=\"https:\/\/themeter.assistenzawponline.net\/es\/si-parla-di-noi-intervista-sulleconomia-del-corriere-della-sera\/\" rel=\"bookmark\"><span class=\"screen-reader-text\">Si Parla di Noi: Intervista sull&#8217;Economia del Corriere della Sera<\/span><\/a>\n\n\t\t\t\t\t<div class=\"grve-post-media\">\n\t\t\t\t<div class=\"grve-media-inner grve-radius-20 grve-shadow-large\">\n\t\t\t\t\t<div class=\"grve-background-wrapper\">\n\t\t\t\t\t\t<div class=\"grve-bg-image lazyload\"  data-bgset=\"https:\/\/themeter.assistenzawponline.net\/wp-content\/uploads\/articolo-corriere.webp 1080w, https:\/\/themeter.assistenzawponline.net\/wp-content\/uploads\/articolo-corriere-768x768.webp 768w, https:\/\/themeter.assistenzawponline.net\/wp-content\/uploads\/articolo-corriere-560x560.webp 560w, https:\/\/themeter.assistenzawponline.net\/wp-content\/uploads\/articolo-corriere-900x900.webp 900w, https:\/\/themeter.assistenzawponline.net\/wp-content\/uploads\/articolo-corriere-300x300.webp 300w, https:\/\/themeter.assistenzawponline.net\/wp-content\/uploads\/articolo-corriere-600x600.webp 600w, https:\/\/themeter.assistenzawponline.net\/wp-content\/uploads\/articolo-corriere-100x100.webp 100w\" data-sizes=\"auto\"><\/div>\t\t\t\t\t<\/div>\n\t\t\t\t<\/div>\n\t\t\t<\/div>\n\t\t\n\t\t\t\t<div class=\"grve-post-date grve-h5 grve-heading-color\">\t\t\t<time datetime=\"2025-02-26T15:42:03+00:00\">\n\t\t\t\tfebrero 26, 2025\t\t\t<\/time>\n\t\t\t<\/div>\n\t\t\t\t<div class=\"grve-post-content\">\n\t\t\t<h3 class=\"grve-post-title grve-heading-color grve-h3\" itemprop=\"headline\"><span>Si Parla di Noi: Intervista sull&#8217;Economia del Corriere della Sera<\/span><\/h3>\t\t\t\t\t\t<p>THE METER CERCA PARTNER UNA MAPPA IN 30 SECONDI\u00a0 La startup degli strumenti per misurare gli ambienti si rafforza con l'Ai, lancia prodotti 3D e vuole espandersi in Europa. \u00abValutiamo&hellip;<\/p>\t\t\t\t\t\t<div class=\"grve-post-category grve-small-text\"><a href=\"https:\/\/themeter.assistenzawponline.net\/category\/editoria\/\" rel=\"category tag\">Editoria<\/a> <a href=\"https:\/\/themeter.assistenzawponline.net\/category\/news\/\" rel=\"category tag\">news<\/a><\/div>\n\t\t\t\t\t<\/div>\n\t\t<a class=\"grve-read-more grve-link-text\" href=\"https:\/\/themeter.assistenzawponline.net\/es\/si-parla-di-noi-intervista-sulleconomia-del-corriere-della-sera\/\"><span>Seguir leyendo<\/span>\t\t\t\t<svg width=\"40px\" height=\"16px\" viewBox=\"0 0 40 16\">\n\t\t\t\t\t<polygon class=\"grve-arrow-line\" points=\"0 7 38 7 38 9 0 9\"><\/polygon>\n\t\t\t\t\t<polygon class=\"grve-arrow-point\" points=\"31.3481912 0 40 8 31.3481912 16 30 14.5816219 37.1 8 30 1.41837809\"><\/polygon>\n\t\t\t\t<\/svg>\n\t\t\t<\/a>\t<\/div>\n\t\t\t<span class=\"grve-hidden\">\n\t\t\t<span class=\"grve-structured-data\" itemprop=\"image\" itemscope itemtype=\"http:\/\/schema.org\/ImageObject\">\n\t\t\t   <span itemprop='url' >https:\/\/themeter.assistenzawponline.net\/wp-content\/uploads\/articolo-corriere.webp<\/span>\n\t\t\t   <span itemprop='height' >1080<\/span>\n\t\t\t   <span itemprop='width' >1080<\/span>\n\t\t\t<\/span>\n\t\t\t\t\t\t<span class=\"grve-structured-data\" itemprop=\"author\" itemscope itemtype=\"http:\/\/schema.org\/Person\">\n\t\t\t\t<span itemprop=\"name\">The Meter<\/span>\n\t\t\t<\/span>\n\t\t\t<span class=\"grve-structured-data\" itemprop=\"publisher\" itemscope itemtype=\"http:\/\/schema.org\/Organization\">\n\t\t\t\t<span itemprop='name'>The Meter<\/span>\n\t\t\t\t<span itemprop='logo' itemscope itemtype='http:\/\/schema.org\/ImageObject'>\n\t\t\t\t\t<span itemprop='url'>https:\/\/themeter.assistenzawponline.net\/wp-content\/uploads\/articolo-corriere.webp<\/span>\n\t\t\t\t<\/span>\n\t\t\t<\/span>\n\t\t\t\t\t\t<time class=\"grve-structured-data\" itemprop=\"datePublished\" datetime=\"2025-02-26T15:42:03+00:00\">febrero 26, 2025<\/time>\n\t\t\t<time class=\"grve-structured-data\" itemprop=\"dateModified\"  datetime=\"2025-02-26T16:01:10+00:00\">febrero 26, 2025<\/time>\n\t\t\t<span class=\"grve-structured-data\" itemprop=\"mainEntityOfPage\" itemscope itemtype=\"http:\/\/schema.org\/WebPage\" itemid=\"https:\/\/themeter.assistenzawponline.net\/es\/si-parla-di-noi-intervista-sulleconomia-del-corriere-della-sera\/\"><\/span>\n\t\t<\/span>\n\t<\/div>\n\t\t<\/div>\r\n\t<\/article>\r\n\t\r\n\t<article class=\"post-1036364 post type-post status-publish format-standard has-post-thumbnail hentry category-cube2 category-cube2-lt category-fiera category-news grve-entry-item grve-blog-item\" itemscope itemType=\"http:\/\/schema.org\/BlogPosting\">\r\n\t\t<div class=\"grve-isotope-item-inner\">\r\n\t\t\t<div class=\"grve-post-item grve-small-style-2 grve-format-standard\">\n\t<div class=\"grve-post-item-inner\">\n\t\t\t\t\t<a class=\"grve-item-url\" href=\"https:\/\/themeter.assistenzawponline.net\/es\/the-meter-debutta-a-klimahouse-2025\/\" rel=\"bookmark\"><span class=\"screen-reader-text\">The Meter debutta a Klimahouse 2025<\/span><\/a>\n\n\t\t\t\t\t<div class=\"grve-post-media\">\n\t\t\t\t<div class=\"grve-media-inner grve-radius-20 grve-shadow-large\">\n\t\t\t\t\t<div class=\"grve-background-wrapper\">\n\t\t\t\t\t\t<div class=\"grve-bg-image lazyload\"  data-bgset=\"https:\/\/themeter.assistenzawponline.net\/wp-content\/uploads\/klimahouse-3.webp 1200w, https:\/\/themeter.assistenzawponline.net\/wp-content\/uploads\/klimahouse-3-768x842.webp 768w, https:\/\/themeter.assistenzawponline.net\/wp-content\/uploads\/klimahouse-3-600x658.webp 600w\" data-sizes=\"auto\"><\/div>\t\t\t\t\t<\/div>\n\t\t\t\t<\/div>\n\t\t\t<\/div>\n\t\t\n\t\t\t\t<div class=\"grve-post-date grve-h5 grve-heading-color\">\t\t\t<time datetime=\"2025-01-29T10:02:00+00:00\">\n\t\t\t\tenero 29, 2025\t\t\t<\/time>\n\t\t\t<\/div>\n\t\t\t\t<div class=\"grve-post-content\">\n\t\t\t<h3 class=\"grve-post-title grve-heading-color grve-h3\" itemprop=\"headline\"><span>The Meter debutta a Klimahouse 2025<\/span><\/h3>\t\t\t\t\t\t<p>Dal 29 gennaio al 1\u00b0 febbraio 2025 abbiamo partecipato per la prima volta a Klimahouse, la fiera di riferimento per l\u2019edilizia sostenibile e l\u2019innovazione tecnologica nel settore delle costruzioni a&hellip;<\/p>\t\t\t\t\t\t<div class=\"grve-post-category grve-small-text\"><a href=\"https:\/\/themeter.assistenzawponline.net\/category\/cube2\/\" rel=\"category tag\">CUBE2<\/a> <a href=\"https:\/\/themeter.assistenzawponline.net\/category\/cube2-lt\/\" rel=\"category tag\">CUBE2 LT<\/a> <a href=\"https:\/\/themeter.assistenzawponline.net\/category\/fiera\/\" rel=\"category tag\">Fiera<\/a> <a href=\"https:\/\/themeter.assistenzawponline.net\/category\/news\/\" rel=\"category tag\">news<\/a><\/div>\n\t\t\t\t\t<\/div>\n\t\t<a class=\"grve-read-more grve-link-text\" href=\"https:\/\/themeter.assistenzawponline.net\/es\/the-meter-debutta-a-klimahouse-2025\/\"><span>Seguir leyendo<\/span>\t\t\t\t<svg width=\"40px\" height=\"16px\" viewBox=\"0 0 40 16\">\n\t\t\t\t\t<polygon class=\"grve-arrow-line\" points=\"0 7 38 7 38 9 0 9\"><\/polygon>\n\t\t\t\t\t<polygon class=\"grve-arrow-point\" points=\"31.3481912 0 40 8 31.3481912 16 30 14.5816219 37.1 8 30 1.41837809\"><\/polygon>\n\t\t\t\t<\/svg>\n\t\t\t<\/a>\t<\/div>\n\t\t\t<span class=\"grve-hidden\">\n\t\t\t<span class=\"grve-structured-data\" itemprop=\"image\" itemscope itemtype=\"http:\/\/schema.org\/ImageObject\">\n\t\t\t   <span itemprop='url' >https:\/\/themeter.assistenzawponline.net\/wp-content\/uploads\/klimahouse-3.webp<\/span>\n\t\t\t   <span itemprop='height' >1200<\/span>\n\t\t\t   <span itemprop='width' >1315<\/span>\n\t\t\t<\/span>\n\t\t\t\t\t\t<span class=\"grve-structured-data\" itemprop=\"author\" itemscope itemtype=\"http:\/\/schema.org\/Person\">\n\t\t\t\t<span itemprop=\"name\">The Meter<\/span>\n\t\t\t<\/span>\n\t\t\t<span class=\"grve-structured-data\" itemprop=\"publisher\" itemscope itemtype=\"http:\/\/schema.org\/Organization\">\n\t\t\t\t<span itemprop='name'>The Meter<\/span>\n\t\t\t\t<span itemprop='logo' itemscope itemtype='http:\/\/schema.org\/ImageObject'>\n\t\t\t\t\t<span itemprop='url'>https:\/\/themeter.assistenzawponline.net\/wp-content\/uploads\/klimahouse-3.webp<\/span>\n\t\t\t\t<\/span>\n\t\t\t<\/span>\n\t\t\t\t\t\t<time class=\"grve-structured-data\" itemprop=\"datePublished\" datetime=\"2025-01-29T10:02:00+00:00\">enero 29, 2025<\/time>\n\t\t\t<time class=\"grve-structured-data\" itemprop=\"dateModified\"  datetime=\"2025-02-18T13:56:36+00:00\">febrero 18, 2025<\/time>\n\t\t\t<span class=\"grve-structured-data\" itemprop=\"mainEntityOfPage\" itemscope itemtype=\"http:\/\/schema.org\/WebPage\" itemid=\"https:\/\/themeter.assistenzawponline.net\/es\/the-meter-debutta-a-klimahouse-2025\/\"><\/span>\n\t\t<\/span>\n\t<\/div>\n\t\t<\/div>\r\n\t<\/article>\r\n\t\r\n\t<article class=\"post-1036363 post type-post status-publish format-standard has-post-thumbnail hentry category-cube2 category-cube2-lt category-fiera category-news grve-entry-item grve-blog-item\" itemscope itemType=\"http:\/\/schema.org\/BlogPosting\">\r\n\t\t<div class=\"grve-isotope-item-inner\">\r\n\t\t\t<div class=\"grve-post-item grve-small-style-2 grve-format-standard\">\n\t<div class=\"grve-post-item-inner\">\n\t\t\t\t\t<a class=\"grve-item-url\" href=\"https:\/\/themeter.assistenzawponline.net\/es\/the-meter-ad-arkeda-2024-buona-la-prima\/\" rel=\"bookmark\"><span class=\"screen-reader-text\">The Meter ad Arkeda 2024: buona la prima!<\/span><\/a>\n\n\t\t\t\t\t<div class=\"grve-post-media\">\n\t\t\t\t<div class=\"grve-media-inner grve-radius-20 grve-shadow-large\">\n\t\t\t\t\t<div class=\"grve-background-wrapper\">\n\t\t\t\t\t\t<div class=\"grve-bg-image lazyload\"  data-bgset=\"https:\/\/themeter.assistenzawponline.net\/wp-content\/uploads\/arkeda-3.webp 1350w, https:\/\/themeter.assistenzawponline.net\/wp-content\/uploads\/arkeda-3-768x581.webp 768w, https:\/\/themeter.assistenzawponline.net\/wp-content\/uploads\/arkeda-3-600x454.webp 600w\" data-sizes=\"auto\"><\/div>\t\t\t\t\t<\/div>\n\t\t\t\t<\/div>\n\t\t\t<\/div>\n\t\t\n\t\t\t\t<div class=\"grve-post-date grve-h5 grve-heading-color\">\t\t\t<time datetime=\"2024-11-29T09:53:00+00:00\">\n\t\t\t\tnoviembre 29, 2024\t\t\t<\/time>\n\t\t\t<\/div>\n\t\t\t\t<div class=\"grve-post-content\">\n\t\t\t<h3 class=\"grve-post-title grve-heading-color grve-h3\" itemprop=\"headline\"><span>The Meter ad Arkeda 2024: buona la prima!<\/span><\/h3>\t\t\t\t\t\t<p>Dal 29 novembre al 1\u00b0 dicembre 2024 abbiamo partecipato ad Arkeda a Napoli, salone dedicato all'Architettura, Edilizia, Design e Arredo. Un\u2019esperienza straordinaria che ha superato ogni aspettativa! Era il nostro&hellip;<\/p>\t\t\t\t\t\t<div class=\"grve-post-category grve-small-text\"><a href=\"https:\/\/themeter.assistenzawponline.net\/category\/cube2\/\" rel=\"category tag\">CUBE2<\/a> <a href=\"https:\/\/themeter.assistenzawponline.net\/category\/cube2-lt\/\" rel=\"category tag\">CUBE2 LT<\/a> <a href=\"https:\/\/themeter.assistenzawponline.net\/category\/fiera\/\" rel=\"category tag\">Fiera<\/a> <a href=\"https:\/\/themeter.assistenzawponline.net\/category\/news\/\" rel=\"category tag\">news<\/a><\/div>\n\t\t\t\t\t<\/div>\n\t\t<a class=\"grve-read-more grve-link-text\" href=\"https:\/\/themeter.assistenzawponline.net\/es\/the-meter-ad-arkeda-2024-buona-la-prima\/\"><span>Seguir leyendo<\/span>\t\t\t\t<svg width=\"40px\" height=\"16px\" viewBox=\"0 0 40 16\">\n\t\t\t\t\t<polygon class=\"grve-arrow-line\" points=\"0 7 38 7 38 9 0 9\"><\/polygon>\n\t\t\t\t\t<polygon class=\"grve-arrow-point\" points=\"31.3481912 0 40 8 31.3481912 16 30 14.5816219 37.1 8 30 1.41837809\"><\/polygon>\n\t\t\t\t<\/svg>\n\t\t\t<\/a>\t<\/div>\n\t\t\t<span class=\"grve-hidden\">\n\t\t\t<span class=\"grve-structured-data\" itemprop=\"image\" itemscope itemtype=\"http:\/\/schema.org\/ImageObject\">\n\t\t\t   <span itemprop='url' >https:\/\/themeter.assistenzawponline.net\/wp-content\/uploads\/arkeda-3.webp<\/span>\n\t\t\t   <span itemprop='height' >1350<\/span>\n\t\t\t   <span itemprop='width' >1021<\/span>\n\t\t\t<\/span>\n\t\t\t\t\t\t<span class=\"grve-structured-data\" itemprop=\"author\" itemscope itemtype=\"http:\/\/schema.org\/Person\">\n\t\t\t\t<span itemprop=\"name\">The Meter<\/span>\n\t\t\t<\/span>\n\t\t\t<span class=\"grve-structured-data\" itemprop=\"publisher\" itemscope itemtype=\"http:\/\/schema.org\/Organization\">\n\t\t\t\t<span itemprop='name'>The Meter<\/span>\n\t\t\t\t<span itemprop='logo' itemscope itemtype='http:\/\/schema.org\/ImageObject'>\n\t\t\t\t\t<span itemprop='url'>https:\/\/themeter.assistenzawponline.net\/wp-content\/uploads\/arkeda-3.webp<\/span>\n\t\t\t\t<\/span>\n\t\t\t<\/span>\n\t\t\t\t\t\t<time class=\"grve-structured-data\" itemprop=\"datePublished\" datetime=\"2024-11-29T09:53:00+00:00\">noviembre 29, 2024<\/time>\n\t\t\t<time class=\"grve-structured-data\" itemprop=\"dateModified\"  datetime=\"2025-02-18T13:59:26+00:00\">febrero 18, 2025<\/time>\n\t\t\t<span class=\"grve-structured-data\" itemprop=\"mainEntityOfPage\" itemscope itemtype=\"http:\/\/schema.org\/WebPage\" itemid=\"https:\/\/themeter.assistenzawponline.net\/es\/the-meter-ad-arkeda-2024-buona-la-prima\/\"><\/span>\n\t\t<\/span>\n\t<\/div>\n\t\t<\/div>\r\n\t<\/article>\r\n\t\r\n\t<article class=\"post-1036356 post type-post status-publish format-standard has-post-thumbnail hentry category-cube2 category-cube2-lt category-news grve-entry-item grve-blog-item\" itemscope itemType=\"http:\/\/schema.org\/BlogPosting\">\r\n\t\t<div class=\"grve-isotope-item-inner\">\r\n\t\t\t<div class=\"grve-post-item grve-small-style-2 grve-format-standard\">\n\t<div class=\"grve-post-item-inner\">\n\t\t\t\t\t<a class=\"grve-item-url\" href=\"https:\/\/themeter.assistenzawponline.net\/es\/open-days-the-meter\/\" rel=\"bookmark\"><span class=\"screen-reader-text\">Open Days The Meter<\/span><\/a>\n\n\t\t\t\t\t<div class=\"grve-post-media\">\n\t\t\t\t<div class=\"grve-media-inner grve-radius-20 grve-shadow-large\">\n\t\t\t\t\t<div class=\"grve-background-wrapper\">\n\t\t\t\t\t\t<div class=\"grve-bg-image lazyload\"  data-bgset=\"https:\/\/themeter.assistenzawponline.net\/wp-content\/uploads\/OpenDay_28Febbraio_1200x628.webp 1201w, https:\/\/themeter.assistenzawponline.net\/wp-content\/uploads\/OpenDay_28Febbraio_1200x628-768x402.webp 768w, https:\/\/themeter.assistenzawponline.net\/wp-content\/uploads\/OpenDay_28Febbraio_1200x628-600x314.webp 600w\" data-sizes=\"auto\"><\/div>\t\t\t\t\t<\/div>\n\t\t\t\t<\/div>\n\t\t\t<\/div>\n\t\t\n\t\t\t\t<div class=\"grve-post-date grve-h5 grve-heading-color\">\t\t\t<time datetime=\"2024-11-16T10:07:00+00:00\">\n\t\t\t\tnoviembre 16, 2024\t\t\t<\/time>\n\t\t\t<\/div>\n\t\t\t\t<div class=\"grve-post-content\">\n\t\t\t<h3 class=\"grve-post-title grve-heading-color grve-h3\" itemprop=\"headline\"><span>Open Days The Meter<\/span><\/h3>\t\t\t\t\t\t<p>Il 16 e 17 novembre 2024 abbiamo aperto le porte dei nostri uffici di Genova per gli Open Days The Meter, due pomeriggi interamente dedicati alla scoperta delle nostre soluzioni&hellip;<\/p>\t\t\t\t\t\t<div class=\"grve-post-category grve-small-text\"><a href=\"https:\/\/themeter.assistenzawponline.net\/category\/cube2\/\" rel=\"category tag\">CUBE2<\/a> <a href=\"https:\/\/themeter.assistenzawponline.net\/category\/cube2-lt\/\" rel=\"category tag\">CUBE2 LT<\/a> <a href=\"https:\/\/themeter.assistenzawponline.net\/category\/news\/\" rel=\"category tag\">news<\/a><\/div>\n\t\t\t\t\t<\/div>\n\t\t<a class=\"grve-read-more grve-link-text\" href=\"https:\/\/themeter.assistenzawponline.net\/es\/open-days-the-meter\/\"><span>Seguir leyendo<\/span>\t\t\t\t<svg width=\"40px\" height=\"16px\" viewBox=\"0 0 40 16\">\n\t\t\t\t\t<polygon class=\"grve-arrow-line\" points=\"0 7 38 7 38 9 0 9\"><\/polygon>\n\t\t\t\t\t<polygon class=\"grve-arrow-point\" points=\"31.3481912 0 40 8 31.3481912 16 30 14.5816219 37.1 8 30 1.41837809\"><\/polygon>\n\t\t\t\t<\/svg>\n\t\t\t<\/a>\t<\/div>\n\t\t\t<span class=\"grve-hidden\">\n\t\t\t<span class=\"grve-structured-data\" itemprop=\"image\" itemscope itemtype=\"http:\/\/schema.org\/ImageObject\">\n\t\t\t   <span itemprop='url' >https:\/\/themeter.assistenzawponline.net\/wp-content\/uploads\/OpenDay_28Febbraio_1200x628.webp<\/span>\n\t\t\t   <span itemprop='height' >1201<\/span>\n\t\t\t   <span itemprop='width' >628<\/span>\n\t\t\t<\/span>\n\t\t\t\t\t\t<span class=\"grve-structured-data\" itemprop=\"author\" itemscope itemtype=\"http:\/\/schema.org\/Person\">\n\t\t\t\t<span itemprop=\"name\">The Meter<\/span>\n\t\t\t<\/span>\n\t\t\t<span class=\"grve-structured-data\" itemprop=\"publisher\" itemscope itemtype=\"http:\/\/schema.org\/Organization\">\n\t\t\t\t<span itemprop='name'>The Meter<\/span>\n\t\t\t\t<span itemprop='logo' itemscope itemtype='http:\/\/schema.org\/ImageObject'>\n\t\t\t\t\t<span itemprop='url'>https:\/\/themeter.assistenzawponline.net\/wp-content\/uploads\/OpenDay_28Febbraio_1200x628.webp<\/span>\n\t\t\t\t<\/span>\n\t\t\t<\/span>\n\t\t\t\t\t\t<time class=\"grve-structured-data\" itemprop=\"datePublished\" datetime=\"2024-11-16T10:07:00+00:00\">noviembre 16, 2024<\/time>\n\t\t\t<time class=\"grve-structured-data\" itemprop=\"dateModified\"  datetime=\"2025-02-18T14:00:45+00:00\">febrero 18, 2025<\/time>\n\t\t\t<span class=\"grve-structured-data\" itemprop=\"mainEntityOfPage\" itemscope itemtype=\"http:\/\/schema.org\/WebPage\" itemid=\"https:\/\/themeter.assistenzawponline.net\/es\/open-days-the-meter\/\"><\/span>\n\t\t<\/span>\n\t<\/div>\n\t\t<\/div>\r\n\t<\/article>\r\n\t\r\n\t<article class=\"post-1032680 post type-post status-publish format-standard has-post-thumbnail hentry category-cube2-lt-es category-noticias grve-entry-item grve-blog-item\" itemscope itemType=\"http:\/\/schema.org\/BlogPosting\">\r\n\t\t<div class=\"grve-isotope-item-inner\">\r\n\t\t\t<div class=\"grve-post-item grve-small-style-2 grve-format-standard\">\n\t<div class=\"grve-post-item-inner\">\n\t\t\t\t\t<a class=\"grve-item-url\" href=\"https:\/\/themeter.assistenzawponline.net\/es\/llega-cube2-lt-la-misma-precision-en-la-version-lite\/\" rel=\"bookmark\"><span class=\"screen-reader-text\">LLEGA CUBE2 LT: LA MISMA PRECISI\u00d3N EN LA VERSI\u00d3N LITE<\/span><\/a>\n\n\t\t\t\t\t<div class=\"grve-post-media\">\n\t\t\t\t<div class=\"grve-media-inner grve-radius-20 grve-shadow-large\">\n\t\t\t\t\t<div class=\"grve-background-wrapper\">\n\t\t\t\t\t\t<div class=\"grve-bg-image lazyload\"  data-bgset=\"https:\/\/themeter.assistenzawponline.net\/wp-content\/uploads\/Copertina_CUBE_LT-1-1920x705_copia.webp 1920w, https:\/\/themeter.assistenzawponline.net\/wp-content\/uploads\/Copertina_CUBE_LT-1-1920x705_copia-768x282.webp 768w, https:\/\/themeter.assistenzawponline.net\/wp-content\/uploads\/Copertina_CUBE_LT-1-1920x705_copia-1536x564.webp 1536w, https:\/\/themeter.assistenzawponline.net\/wp-content\/uploads\/Copertina_CUBE_LT-1-1920x705_copia-600x220.webp 600w\" data-sizes=\"auto\"><\/div>\t\t\t\t\t<\/div>\n\t\t\t\t<\/div>\n\t\t\t<\/div>\n\t\t\n\t\t\t\t<div class=\"grve-post-date grve-h5 grve-heading-color\">\t\t\t<time datetime=\"2024-11-01T08:00:00+00:00\">\n\t\t\t\tnoviembre 1, 2024\t\t\t<\/time>\n\t\t\t<\/div>\n\t\t\t\t<div class=\"grve-post-content\">\n\t\t\t<h3 class=\"grve-post-title grve-heading-color grve-h3\" itemprop=\"headline\"><span>LLEGA CUBE2 LT: LA MISMA PRECISI\u00d3N EN LA VERSI\u00d3N LITE<\/span><\/h3>\t\t\t\t\t\t<p>Nos complace presentar el nuevo CUBE2 LT, un dispositivo de medici\u00f3n 2D que ofrece la misma fiabilidad y precisi\u00f3n que la serie, en una versi\u00f3n optimizada para quienes buscan el&hellip;<\/p>\t\t\t\t\t\t<div class=\"grve-post-category grve-small-text\"><a href=\"https:\/\/themeter.assistenzawponline.net\/es\/category\/cube2-lt-es\/\" rel=\"category tag\">CUBE2 LT<\/a> <a href=\"https:\/\/themeter.assistenzawponline.net\/es\/category\/noticias\/\" rel=\"category tag\">noticias<\/a><\/div>\n\t\t\t\t\t<\/div>\n\t\t<a class=\"grve-read-more grve-link-text\" href=\"https:\/\/themeter.assistenzawponline.net\/es\/llega-cube2-lt-la-misma-precision-en-la-version-lite\/\"><span>Seguir leyendo<\/span>\t\t\t\t<svg width=\"40px\" height=\"16px\" viewBox=\"0 0 40 16\">\n\t\t\t\t\t<polygon class=\"grve-arrow-line\" points=\"0 7 38 7 38 9 0 9\"><\/polygon>\n\t\t\t\t\t<polygon class=\"grve-arrow-point\" points=\"31.3481912 0 40 8 31.3481912 16 30 14.5816219 37.1 8 30 1.41837809\"><\/polygon>\n\t\t\t\t<\/svg>\n\t\t\t<\/a>\t<\/div>\n\t\t\t<span class=\"grve-hidden\">\n\t\t\t<span class=\"grve-structured-data\" itemprop=\"image\" itemscope itemtype=\"http:\/\/schema.org\/ImageObject\">\n\t\t\t   <span itemprop='url' >https:\/\/themeter.assistenzawponline.net\/wp-content\/uploads\/Copertina_CUBE_LT-1-1920x705_copia.webp<\/span>\n\t\t\t   <span itemprop='height' >1920<\/span>\n\t\t\t   <span itemprop='width' >705<\/span>\n\t\t\t<\/span>\n\t\t\t\t\t\t<span class=\"grve-structured-data\" itemprop=\"author\" itemscope itemtype=\"http:\/\/schema.org\/Person\">\n\t\t\t\t<span itemprop=\"name\">The Meter<\/span>\n\t\t\t<\/span>\n\t\t\t<span class=\"grve-structured-data\" itemprop=\"publisher\" itemscope itemtype=\"http:\/\/schema.org\/Organization\">\n\t\t\t\t<span itemprop='name'>The Meter<\/span>\n\t\t\t\t<span itemprop='logo' itemscope itemtype='http:\/\/schema.org\/ImageObject'>\n\t\t\t\t\t<span itemprop='url'>https:\/\/themeter.assistenzawponline.net\/wp-content\/uploads\/Copertina_CUBE_LT-1-1920x705_copia.webp<\/span>\n\t\t\t\t<\/span>\n\t\t\t<\/span>\n\t\t\t\t\t\t<time class=\"grve-structured-data\" itemprop=\"datePublished\" datetime=\"2024-11-01T08:00:00+00:00\">noviembre 1, 2024<\/time>\n\t\t\t<time class=\"grve-structured-data\" itemprop=\"dateModified\"  datetime=\"2025-01-09T09:00:43+00:00\">enero 9, 2025<\/time>\n\t\t\t<span class=\"grve-structured-data\" itemprop=\"mainEntityOfPage\" itemscope itemtype=\"http:\/\/schema.org\/WebPage\" itemid=\"https:\/\/themeter.assistenzawponline.net\/es\/llega-cube2-lt-la-misma-precision-en-la-version-lite\/\"><\/span>\n\t\t<\/span>\n\t<\/div>\n\t\t<\/div>\r\n\t<\/article>\r\n\t\r\n\t<article class=\"post-1032674 post type-post status-publish format-standard has-post-thumbnail hentry category-feria category-noticias category-saie-es grve-entry-item grve-blog-item\" itemscope itemType=\"http:\/\/schema.org\/BlogPosting\">\r\n\t\t<div class=\"grve-isotope-item-inner\">\r\n\t\t\t<div class=\"grve-post-item grve-small-style-2 grve-format-standard\">\n\t<div class=\"grve-post-item-inner\">\n\t\t\t\t\t<a class=\"grve-item-url\" href=\"https:\/\/themeter.assistenzawponline.net\/es\/the-meter-al-saie-2024\/\" rel=\"bookmark\"><span class=\"screen-reader-text\">The Meter al SAIE 2024<\/span><\/a>\n\n\t\t\t\t\t<div class=\"grve-post-media\">\n\t\t\t\t<div class=\"grve-media-inner grve-radius-20 grve-shadow-large\">\n\t\t\t\t\t<div class=\"grve-background-wrapper\">\n\t\t\t\t\t\t<div class=\"grve-bg-image lazyload\"  data-bgset=\"https:\/\/themeter.assistenzawponline.net\/wp-content\/uploads\/Post_SAIE_4.webp 1080w, https:\/\/themeter.assistenzawponline.net\/wp-content\/uploads\/Post_SAIE_4-768x768.webp 768w, https:\/\/themeter.assistenzawponline.net\/wp-content\/uploads\/Post_SAIE_4-560x560.webp 560w, https:\/\/themeter.assistenzawponline.net\/wp-content\/uploads\/Post_SAIE_4-900x900.webp 900w, https:\/\/themeter.assistenzawponline.net\/wp-content\/uploads\/Post_SAIE_4-300x300.webp 300w, https:\/\/themeter.assistenzawponline.net\/wp-content\/uploads\/Post_SAIE_4-600x600.webp 600w, https:\/\/themeter.assistenzawponline.net\/wp-content\/uploads\/Post_SAIE_4-100x100.webp 100w\" data-sizes=\"auto\"><\/div>\t\t\t\t\t<\/div>\n\t\t\t\t<\/div>\n\t\t\t<\/div>\n\t\t\n\t\t\t\t<div class=\"grve-post-date grve-h5 grve-heading-color\">\t\t\t<time datetime=\"2024-10-18T07:34:53+00:00\">\n\t\t\t\toctubre 18, 2024\t\t\t<\/time>\n\t\t\t<\/div>\n\t\t\t\t<div class=\"grve-post-content\">\n\t\t\t<h3 class=\"grve-post-title grve-heading-color grve-h3\" itemprop=\"headline\"><span>The Meter al SAIE 2024<\/span><\/h3>\t\t\t\t\t\t<p>\u00a1Nuestra participaci\u00f3n en SAIE 2024 concluy\u00f3 con gran satisfacci\u00f3n!Del 9 al 12 de octubre, en el recinto ferial BolognaFiere, tuvimos la oportunidad de presentar nuestras soluciones de medici\u00f3n m\u00e1s avanzadas&hellip;<\/p>\t\t\t\t\t\t<div class=\"grve-post-category grve-small-text\"><a href=\"https:\/\/themeter.assistenzawponline.net\/es\/category\/feria\/\" rel=\"category tag\">Feria<\/a> <a href=\"https:\/\/themeter.assistenzawponline.net\/es\/category\/noticias\/\" rel=\"category tag\">noticias<\/a> <a href=\"https:\/\/themeter.assistenzawponline.net\/es\/category\/saie-es\/\" rel=\"category tag\">SAIE<\/a><\/div>\n\t\t\t\t\t<\/div>\n\t\t<a class=\"grve-read-more grve-link-text\" href=\"https:\/\/themeter.assistenzawponline.net\/es\/the-meter-al-saie-2024\/\"><span>Seguir leyendo<\/span>\t\t\t\t<svg width=\"40px\" height=\"16px\" viewBox=\"0 0 40 16\">\n\t\t\t\t\t<polygon class=\"grve-arrow-line\" points=\"0 7 38 7 38 9 0 9\"><\/polygon>\n\t\t\t\t\t<polygon class=\"grve-arrow-point\" points=\"31.3481912 0 40 8 31.3481912 16 30 14.5816219 37.1 8 30 1.41837809\"><\/polygon>\n\t\t\t\t<\/svg>\n\t\t\t<\/a>\t<\/div>\n\t\t\t<span class=\"grve-hidden\">\n\t\t\t<span class=\"grve-structured-data\" itemprop=\"image\" itemscope itemtype=\"http:\/\/schema.org\/ImageObject\">\n\t\t\t   <span itemprop='url' >https:\/\/themeter.assistenzawponline.net\/wp-content\/uploads\/Post_SAIE_4.webp<\/span>\n\t\t\t   <span itemprop='height' >1080<\/span>\n\t\t\t   <span itemprop='width' >1080<\/span>\n\t\t\t<\/span>\n\t\t\t\t\t\t<span class=\"grve-structured-data\" itemprop=\"author\" itemscope itemtype=\"http:\/\/schema.org\/Person\">\n\t\t\t\t<span itemprop=\"name\">The Meter<\/span>\n\t\t\t<\/span>\n\t\t\t<span class=\"grve-structured-data\" itemprop=\"publisher\" itemscope itemtype=\"http:\/\/schema.org\/Organization\">\n\t\t\t\t<span itemprop='name'>The Meter<\/span>\n\t\t\t\t<span itemprop='logo' itemscope itemtype='http:\/\/schema.org\/ImageObject'>\n\t\t\t\t\t<span itemprop='url'>https:\/\/themeter.assistenzawponline.net\/wp-content\/uploads\/Post_SAIE_4.webp<\/span>\n\t\t\t\t<\/span>\n\t\t\t<\/span>\n\t\t\t\t\t\t<time class=\"grve-structured-data\" itemprop=\"datePublished\" datetime=\"2024-10-18T07:34:53+00:00\">octubre 18, 2024<\/time>\n\t\t\t<time class=\"grve-structured-data\" itemprop=\"dateModified\"  datetime=\"2025-01-09T08:40:23+00:00\">enero 9, 2025<\/time>\n\t\t\t<span class=\"grve-structured-data\" itemprop=\"mainEntityOfPage\" itemscope itemtype=\"http:\/\/schema.org\/WebPage\" itemid=\"https:\/\/themeter.assistenzawponline.net\/es\/the-meter-al-saie-2024\/\"><\/span>\n\t\t<\/span>\n\t<\/div>\n\t\t<\/div>\r\n\t<\/article>\r\n\t\r\n\t<article class=\"post-1032665 post type-post status-publish format-standard has-post-thumbnail hentry category-castrignano-es category-noticias grve-entry-item grve-blog-item\" itemscope itemType=\"http:\/\/schema.org\/BlogPosting\">\r\n\t\t<div class=\"grve-isotope-item-inner\">\r\n\t\t\t<div class=\"grve-post-item grve-small-style-2 grve-format-standard\">\n\t<div class=\"grve-post-item-inner\">\n\t\t\t\t\t<a class=\"grve-item-url\" href=\"https:\/\/themeter.assistenzawponline.net\/es\/el-contador-protagonista-del-programa-de-andrea-castrignano-cambio-casa-cambio-vita\/\" rel=\"bookmark\"><span class=\"screen-reader-text\">El Contador: Protagonista del programa de Andrea Castrignano &#8220;\u00a1Cambio Casa, Cambio Vita!&#8221;<\/span><\/a>\n\n\t\t\t\t\t<div class=\"grve-post-media\">\n\t\t\t\t<div class=\"grve-media-inner grve-radius-20 grve-shadow-large\">\n\t\t\t\t\t<div class=\"grve-background-wrapper\">\n\t\t\t\t\t\t<div class=\"grve-bg-image lazyload\"  data-bgset=\"https:\/\/themeter.assistenzawponline.net\/wp-content\/uploads\/castrignano-1.webp 1254w, https:\/\/themeter.assistenzawponline.net\/wp-content\/uploads\/castrignano-1-768x467.webp 768w, https:\/\/themeter.assistenzawponline.net\/wp-content\/uploads\/castrignano-1-600x365.webp 600w\" data-sizes=\"auto\"><\/div>\t\t\t\t\t<\/div>\n\t\t\t\t<\/div>\n\t\t\t<\/div>\n\t\t\n\t\t\t\t<div class=\"grve-post-date grve-h5 grve-heading-color\">\t\t\t<time datetime=\"2024-09-19T22:43:00+00:00\">\n\t\t\t\tseptiembre 19, 2024\t\t\t<\/time>\n\t\t\t<\/div>\n\t\t\t\t<div class=\"grve-post-content\">\n\t\t\t<h3 class=\"grve-post-title grve-heading-color grve-h3\" itemprop=\"headline\"><span>El Contador: Protagonista del programa de Andrea Castrignano &#8220;\u00a1Cambio Casa, Cambio Vita!&#8221;<\/span><\/h3>\t\t\t\t\t\t<p>Nos complace anunciar que The Meter particip\u00f3 en el reciente episodio del programa \u00a1Cambio Casa, Cambio Vita! presentado por el dise\u00f1ador de interiores Andrea Castrignano.Esta colaboraci\u00f3n fue una gran oportunidad&hellip;<\/p>\t\t\t\t\t\t<div class=\"grve-post-category grve-small-text\"><a href=\"https:\/\/themeter.assistenzawponline.net\/es\/category\/castrignano-es\/\" rel=\"category tag\">Castrignano<\/a> <a href=\"https:\/\/themeter.assistenzawponline.net\/es\/category\/noticias\/\" rel=\"category tag\">noticias<\/a><\/div>\n\t\t\t\t\t<\/div>\n\t\t<a class=\"grve-read-more grve-link-text\" href=\"https:\/\/themeter.assistenzawponline.net\/es\/el-contador-protagonista-del-programa-de-andrea-castrignano-cambio-casa-cambio-vita\/\"><span>Seguir leyendo<\/span>\t\t\t\t<svg width=\"40px\" height=\"16px\" viewBox=\"0 0 40 16\">\n\t\t\t\t\t<polygon class=\"grve-arrow-line\" points=\"0 7 38 7 38 9 0 9\"><\/polygon>\n\t\t\t\t\t<polygon class=\"grve-arrow-point\" points=\"31.3481912 0 40 8 31.3481912 16 30 14.5816219 37.1 8 30 1.41837809\"><\/polygon>\n\t\t\t\t<\/svg>\n\t\t\t<\/a>\t<\/div>\n\t\t\t<span class=\"grve-hidden\">\n\t\t\t<span class=\"grve-structured-data\" itemprop=\"image\" itemscope itemtype=\"http:\/\/schema.org\/ImageObject\">\n\t\t\t   <span itemprop='url' >https:\/\/themeter.assistenzawponline.net\/wp-content\/uploads\/castrignano-1.webp<\/span>\n\t\t\t   <span itemprop='height' >1254<\/span>\n\t\t\t   <span itemprop='width' >762<\/span>\n\t\t\t<\/span>\n\t\t\t\t\t\t<span class=\"grve-structured-data\" itemprop=\"author\" itemscope itemtype=\"http:\/\/schema.org\/Person\">\n\t\t\t\t<span itemprop=\"name\">The Meter<\/span>\n\t\t\t<\/span>\n\t\t\t<span class=\"grve-structured-data\" itemprop=\"publisher\" itemscope itemtype=\"http:\/\/schema.org\/Organization\">\n\t\t\t\t<span itemprop='name'>The Meter<\/span>\n\t\t\t\t<span itemprop='logo' itemscope itemtype='http:\/\/schema.org\/ImageObject'>\n\t\t\t\t\t<span itemprop='url'>https:\/\/themeter.assistenzawponline.net\/wp-content\/uploads\/castrignano-1.webp<\/span>\n\t\t\t\t<\/span>\n\t\t\t<\/span>\n\t\t\t\t\t\t<time class=\"grve-structured-data\" itemprop=\"datePublished\" datetime=\"2024-09-19T22:43:00+00:00\">septiembre 19, 2024<\/time>\n\t\t\t<time class=\"grve-structured-data\" itemprop=\"dateModified\"  datetime=\"2025-01-09T08:32:17+00:00\">enero 9, 2025<\/time>\n\t\t\t<span class=\"grve-structured-data\" itemprop=\"mainEntityOfPage\" itemscope itemtype=\"http:\/\/schema.org\/WebPage\" itemid=\"https:\/\/themeter.assistenzawponline.net\/es\/el-contador-protagonista-del-programa-de-andrea-castrignano-cambio-casa-cambio-vita\/\"><\/span>\n\t\t<\/span>\n\t<\/div>\n\t\t<\/div>\r\n\t<\/article>\r\n\t\r\n\t<article class=\"post-1032743 post type-post status-publish format-standard has-post-thumbnail hentry category-feria category-noticias grve-entry-item grve-blog-item\" itemscope itemType=\"http:\/\/schema.org\/BlogPosting\">\r\n\t\t<div class=\"grve-isotope-item-inner\">\r\n\t\t\t<div class=\"grve-post-item grve-small-style-2 grve-format-standard\">\n\t<div class=\"grve-post-item-inner\">\n\t\t\t\t\t<a class=\"grve-item-url\" href=\"https:\/\/themeter.assistenzawponline.net\/es\/showroom-the-meter\/\" rel=\"bookmark\"><span class=\"screen-reader-text\">SHOWROOM THE METER<\/span><\/a>\n\n\t\t\t\t\t<div class=\"grve-post-media\">\n\t\t\t\t<div class=\"grve-media-inner grve-radius-20 grve-shadow-large\">\n\t\t\t\t\t<div class=\"grve-background-wrapper\">\n\t\t\t\t\t\t<div class=\"grve-bg-image lazyload\"  data-bgset=\"https:\/\/themeter.assistenzawponline.net\/wp-content\/uploads\/Milano-design-week.webp 1200w, https:\/\/themeter.assistenzawponline.net\/wp-content\/uploads\/Milano-design-week-768x768.webp 768w, https:\/\/themeter.assistenzawponline.net\/wp-content\/uploads\/Milano-design-week-560x560.webp 560w, https:\/\/themeter.assistenzawponline.net\/wp-content\/uploads\/Milano-design-week-900x900.webp 900w, https:\/\/themeter.assistenzawponline.net\/wp-content\/uploads\/Milano-design-week-300x300.webp 300w, https:\/\/themeter.assistenzawponline.net\/wp-content\/uploads\/Milano-design-week-600x600.webp 600w, https:\/\/themeter.assistenzawponline.net\/wp-content\/uploads\/Milano-design-week-100x100.webp 100w\" data-sizes=\"auto\"><\/div>\t\t\t\t\t<\/div>\n\t\t\t\t<\/div>\n\t\t\t<\/div>\n\t\t\n\t\t\t\t<div class=\"grve-post-date grve-h5 grve-heading-color\">\t\t\t<time datetime=\"2024-04-08T09:40:41+00:00\">\n\t\t\t\tabril 8, 2024\t\t\t<\/time>\n\t\t\t<\/div>\n\t\t\t\t<div class=\"grve-post-content\">\n\t\t\t<h3 class=\"grve-post-title grve-heading-color grve-h3\" itemprop=\"headline\"><span>SHOWROOM THE METER<\/span><\/h3>\t\t\t\t\t\t<p>The Meter se complace en anunciar su participaci\u00f3n en la Milan Design Week 2024, uno de los eventos de dise\u00f1o m\u00e1s renombrados, que tendr\u00e1 lugar en Mil\u00e1n del 16 al&hellip;<\/p>\t\t\t\t\t\t<div class=\"grve-post-category grve-small-text\"><a href=\"https:\/\/themeter.assistenzawponline.net\/es\/category\/feria\/\" rel=\"category tag\">Feria<\/a> <a href=\"https:\/\/themeter.assistenzawponline.net\/es\/category\/noticias\/\" rel=\"category tag\">noticias<\/a><\/div>\n\t\t\t\t\t<\/div>\n\t\t<a class=\"grve-read-more grve-link-text\" href=\"https:\/\/themeter.assistenzawponline.net\/es\/showroom-the-meter\/\"><span>Seguir leyendo<\/span>\t\t\t\t<svg width=\"40px\" height=\"16px\" viewBox=\"0 0 40 16\">\n\t\t\t\t\t<polygon class=\"grve-arrow-line\" points=\"0 7 38 7 38 9 0 9\"><\/polygon>\n\t\t\t\t\t<polygon class=\"grve-arrow-point\" points=\"31.3481912 0 40 8 31.3481912 16 30 14.5816219 37.1 8 30 1.41837809\"><\/polygon>\n\t\t\t\t<\/svg>\n\t\t\t<\/a>\t<\/div>\n\t\t\t<span class=\"grve-hidden\">\n\t\t\t<span class=\"grve-structured-data\" itemprop=\"image\" itemscope itemtype=\"http:\/\/schema.org\/ImageObject\">\n\t\t\t   <span itemprop='url' >https:\/\/themeter.assistenzawponline.net\/wp-content\/uploads\/Milano-design-week.webp<\/span>\n\t\t\t   <span itemprop='height' >1200<\/span>\n\t\t\t   <span itemprop='width' >1200<\/span>\n\t\t\t<\/span>\n\t\t\t\t\t\t<span class=\"grve-structured-data\" itemprop=\"author\" itemscope itemtype=\"http:\/\/schema.org\/Person\">\n\t\t\t\t<span itemprop=\"name\">The Meter<\/span>\n\t\t\t<\/span>\n\t\t\t<span class=\"grve-structured-data\" itemprop=\"publisher\" itemscope itemtype=\"http:\/\/schema.org\/Organization\">\n\t\t\t\t<span itemprop='name'>The Meter<\/span>\n\t\t\t\t<span itemprop='logo' itemscope itemtype='http:\/\/schema.org\/ImageObject'>\n\t\t\t\t\t<span itemprop='url'>https:\/\/themeter.assistenzawponline.net\/wp-content\/uploads\/Milano-design-week.webp<\/span>\n\t\t\t\t<\/span>\n\t\t\t<\/span>\n\t\t\t\t\t\t<time class=\"grve-structured-data\" itemprop=\"datePublished\" datetime=\"2024-04-08T09:40:41+00:00\">abril 8, 2024<\/time>\n\t\t\t<time class=\"grve-structured-data\" itemprop=\"dateModified\"  datetime=\"2025-01-09T09:58:20+00:00\">enero 9, 2025<\/time>\n\t\t\t<span class=\"grve-structured-data\" itemprop=\"mainEntityOfPage\" itemscope itemtype=\"http:\/\/schema.org\/WebPage\" itemid=\"https:\/\/themeter.assistenzawponline.net\/es\/showroom-the-meter\/\"><\/span>\n\t\t<\/span>\n\t<\/div>\n\t\t<\/div>\r\n\t<\/article>\r\n\t\r\n\t<article class=\"post-1032741 post type-post status-publish format-standard has-post-thumbnail hentry category-feria category-made-es category-noticias grve-entry-item grve-blog-item\" itemscope itemType=\"http:\/\/schema.org\/BlogPosting\">\r\n\t\t<div class=\"grve-isotope-item-inner\">\r\n\t\t\t<div class=\"grve-post-item grve-small-style-2 grve-format-standard\">\n\t<div class=\"grve-post-item-inner\">\n\t\t\t\t\t<a class=\"grve-item-url\" href=\"https:\/\/themeter.assistenzawponline.net\/es\/the-meter-a-made-expo-2023\/\" rel=\"bookmark\"><span class=\"screen-reader-text\">THE METER A MADE EXPO 2023<\/span><\/a>\n\n\t\t\t\t\t<div class=\"grve-post-media\">\n\t\t\t\t<div class=\"grve-media-inner grve-radius-20 grve-shadow-large\">\n\t\t\t\t\t<div class=\"grve-background-wrapper\">\n\t\t\t\t\t\t<div class=\"grve-bg-image lazyload\"  data-bgset=\"https:\/\/themeter.assistenzawponline.net\/wp-content\/uploads\/MADE_AWARDS1.webp 499w, https:\/\/themeter.assistenzawponline.net\/wp-content\/uploads\/MADE_AWARDS1-300x300.webp 300w, https:\/\/themeter.assistenzawponline.net\/wp-content\/uploads\/MADE_AWARDS1-100x100.webp 100w\" data-sizes=\"auto\"><\/div>\t\t\t\t\t<\/div>\n\t\t\t\t<\/div>\n\t\t\t<\/div>\n\t\t\n\t\t\t\t<div class=\"grve-post-date grve-h5 grve-heading-color\">\t\t\t<time datetime=\"2023-11-20T15:43:00+00:00\">\n\t\t\t\tnoviembre 20, 2023\t\t\t<\/time>\n\t\t\t<\/div>\n\t\t\t\t<div class=\"grve-post-content\">\n\t\t\t<h3 class=\"grve-post-title grve-heading-color grve-h3\" itemprop=\"headline\"><span>THE METER A MADE EXPO 2023<\/span><\/h3>\t\t\t\t\t\t<p>Acaba de concluir la \u00faltima etapa de los eventos de The Meter 2023: \u00a1Made expo 2023!Del 15 al 18 de noviembre, The Meter volvi\u00f3 con gran entusiasmo a MADE expo&hellip;<\/p>\t\t\t\t\t\t<div class=\"grve-post-category grve-small-text\"><a href=\"https:\/\/themeter.assistenzawponline.net\/es\/category\/feria\/\" rel=\"category tag\">Feria<\/a> <a href=\"https:\/\/themeter.assistenzawponline.net\/es\/category\/made-es\/\" rel=\"category tag\">MADE<\/a> <a href=\"https:\/\/themeter.assistenzawponline.net\/es\/category\/noticias\/\" rel=\"category tag\">noticias<\/a><\/div>\n\t\t\t\t\t<\/div>\n\t\t<a class=\"grve-read-more grve-link-text\" href=\"https:\/\/themeter.assistenzawponline.net\/es\/the-meter-a-made-expo-2023\/\"><span>Seguir leyendo<\/span>\t\t\t\t<svg width=\"40px\" height=\"16px\" viewBox=\"0 0 40 16\">\n\t\t\t\t\t<polygon class=\"grve-arrow-line\" points=\"0 7 38 7 38 9 0 9\"><\/polygon>\n\t\t\t\t\t<polygon class=\"grve-arrow-point\" points=\"31.3481912 0 40 8 31.3481912 16 30 14.5816219 37.1 8 30 1.41837809\"><\/polygon>\n\t\t\t\t<\/svg>\n\t\t\t<\/a>\t<\/div>\n\t\t\t<span class=\"grve-hidden\">\n\t\t\t<span class=\"grve-structured-data\" itemprop=\"image\" itemscope itemtype=\"http:\/\/schema.org\/ImageObject\">\n\t\t\t   <span itemprop='url' >https:\/\/themeter.assistenzawponline.net\/wp-content\/uploads\/MADE_AWARDS1.webp<\/span>\n\t\t\t   <span itemprop='height' >499<\/span>\n\t\t\t   <span itemprop='width' >499<\/span>\n\t\t\t<\/span>\n\t\t\t\t\t\t<span class=\"grve-structured-data\" itemprop=\"author\" itemscope itemtype=\"http:\/\/schema.org\/Person\">\n\t\t\t\t<span itemprop=\"name\">The Meter<\/span>\n\t\t\t<\/span>\n\t\t\t<span class=\"grve-structured-data\" itemprop=\"publisher\" itemscope itemtype=\"http:\/\/schema.org\/Organization\">\n\t\t\t\t<span itemprop='name'>The Meter<\/span>\n\t\t\t\t<span itemprop='logo' itemscope itemtype='http:\/\/schema.org\/ImageObject'>\n\t\t\t\t\t<span itemprop='url'>https:\/\/themeter.assistenzawponline.net\/wp-content\/uploads\/MADE_AWARDS1.webp<\/span>\n\t\t\t\t<\/span>\n\t\t\t<\/span>\n\t\t\t\t\t\t<time class=\"grve-structured-data\" itemprop=\"datePublished\" datetime=\"2023-11-20T15:43:00+00:00\">noviembre 20, 2023<\/time>\n\t\t\t<time class=\"grve-structured-data\" itemprop=\"dateModified\"  datetime=\"2025-01-09T09:55:45+00:00\">enero 9, 2025<\/time>\n\t\t\t<span class=\"grve-structured-data\" itemprop=\"mainEntityOfPage\" itemscope itemtype=\"http:\/\/schema.org\/WebPage\" itemid=\"https:\/\/themeter.assistenzawponline.net\/es\/the-meter-a-made-expo-2023\/\"><\/span>\n\t\t<\/span>\n\t<\/div>\n\t\t<\/div>\r\n\t<\/article>\r\n\t\t<\/div>\r\n<div class=\"grve-pagination grve-pagination-text\"><ul class='page-numbers'>\n\t<li><span aria-label=\"P\u00e1gina 1\" aria-current=\"page\" class=\"page-numbers current\">1<\/span><\/li>\n\t<li><a aria-label=\"P\u00e1gina 2\" class=\"page-numbers\" href=\"https:\/\/themeter.assistenzawponline.net\/es\/wp-json\/wp\/v2\/pages\/1025658\/page\/2\/\">2<\/a><\/li>\n\t<li><a aria-label=\"P\u00e1gina 3\" class=\"page-numbers\" href=\"https:\/\/themeter.assistenzawponline.net\/es\/wp-json\/wp\/v2\/pages\/1025658\/page\/3\/\">3<\/a><\/li>\n\t<li><a class=\"next page-numbers\" href=\"https:\/\/themeter.assistenzawponline.net\/es\/wp-json\/wp\/v2\/pages\/1025658\/page\/2\/\"><svg width=\"40px\" height=\"16px\" viewBox=\"0 0 40 16\"><polygon class=\"grve-arrow-line\" points=\"0 7 38 7 38 9 0 9\"><\/polygon><polygon class=\"grve-arrow-point\" points=\"31.3481912 0 40 8 31.3481912 16 30 14.5816219 37.1 8 30 1.41837809\"><\/polygon><\/svg><\/a><\/li>\n<\/ul>\n<\/div><\/div>\r\n[\/vc_column][\/vc_row]<\/p>\n<\/div>","protected":false},"excerpt":{"rendered":"<p>[vc_row padding_top_multiplier=&#8221;6x&#8221; padding_bottom_multiplier=&#8221;6x&#8221; rc_heading_color=&#8221;white&#8221; rc_link_color=&#8221;primary-1&#8243; rc_bg_type=&#8221;image&#8221; rc_bg_image=&#8221;1031154&#8243; rc_bg_pattern_overlay=&#8221;yes&#8221; rc_bg_color_overlay=&#8221;black&#8221; rc_bg_color=&#8221;#1e1f1c&#8221; rc_font_color=&#8221;#fafafa&#8221;][vc_column][vc_column_text] No se pierda las \u00faltimas noticias y actualizaciones sobre nuestros productos, innovaciones y mucho m\u00e1s. [\/vc_column_text][\/vc_column][\/vc_row][vc_row padding_top_multiplier=&#8221;2x&#8221; padding_bottom_multiplier=&#8221;4x&#8221; rc_heading_color=&#8221;white&#8221; rc_link_color=&#8221;primary-3&#8243; rc_link_hover_color=&#8221;primary-3&#8243; rc_bg_type=&#8221;color&#8221; rc_bg_color=&#8221;#1e1f1c&#8221; rc_font_color=&#8221;#fafafa&#8221; el_class=&#8221;max-width-newra&#8221;][vc_column rc_link_color=&#8221;primary-3&#8243; rc_link_hover_color=&#8221;primary-3&#8243;][\/vc_column][\/vc_row]<\/p>\n","protected":false},"author":13,"featured_media":0,"parent":0,"menu_order":0,"comment_status":"closed","ping_status":"closed","template":"","meta":{"inline_featured_image":false,"footnotes":""},"class_list":["post-1025658","page","type-page","status-publish","hentry","grve-entry-item"],"_links":{"self":[{"href":"https:\/\/themeter.assistenzawponline.net\/es\/wp-json\/wp\/v2\/pages\/1025658","targetHints":{"allow":["GET"]}}],"collection":[{"href":"https:\/\/themeter.assistenzawponline.net\/es\/wp-json\/wp\/v2\/pages"}],"about":[{"href":"https:\/\/themeter.assistenzawponline.net\/es\/wp-json\/wp\/v2\/types\/page"}],"author":[{"embeddable":true,"href":"https:\/\/themeter.assistenzawponline.net\/es\/wp-json\/wp\/v2\/users\/13"}],"replies":[{"embeddable":true,"href":"https:\/\/themeter.assistenzawponline.net\/es\/wp-json\/wp\/v2\/comments?post=1025658"}],"version-history":[{"count":0,"href":"https:\/\/themeter.assistenzawponline.net\/es\/wp-json\/wp\/v2\/pages\/1025658\/revisions"}],"wp:attachment":[{"href":"https:\/\/themeter.assistenzawponline.net\/es\/wp-json\/wp\/v2\/media?parent=1025658"}],"curies":[{"name":"wp","href":"https:\/\/api.w.org\/{rel}","templated":true}]}}